{"id":13,"date":"2018-12-12T17:04:03","date_gmt":"2018-12-12T17:04:03","guid":{"rendered":"http:\/\/schreinerei-strell.de\/?page_id=13"},"modified":"2023-03-29T15:23:13","modified_gmt":"2023-03-29T15:23:13","slug":"home","status":"publish","type":"page","link":"https:\/\/schreinerei-strell.de\/","title":{"rendered":"Home"},"content":{"rendered":"<p>[et_pb_section fb_built=&#8220;1&#8243; fullwidth=&#8220;on&#8220; _builder_version=&#8220;4.20.0&#8243; use_background_color_gradient=&#8220;on&#8220; background_color_gradient_stops=&#8220;rgba(142,142,142,0.9) 0%|rgba(252,210,194,0.18) 100%&#8220; background_color_gradient_start=&#8220;rgba(142,142,142,0.9)&#8220; background_color_gradient_end=&#8220;rgba(252,210,194,0.18)&#8220; custom_padding=&#8220;186px|0px|186px|0px|true|false&#8220; top_divider_repeat=&#8220;0.5x&#8220; top_divider_flip=&#8220;horizontal|vertical&#8220; bottom_divider_style=&#8220;mountains2&#8243; bottom_divider_color=&#8220;#FFFFFF&#8220; bottom_divider_repeat=&#8220;0.5x&#8220; bottom_divider_flip=&#8220;vertical|horizontal&#8220; hover_enabled=&#8220;0&#8243; global_colors_info=&#8220;{}&#8220; sticky_enabled=&#8220;0&#8243; title_text=&#8220;Team Schreinerei Strell&#8220; background_image=&#8220;https:\/\/schreinerei-strell.de\/wp-content\/uploads\/2023\/03\/Team-Schreinerei-Strell.jpg&#8220; height=&#8220;688px&#8220; custom_padding_last_edited=&#8220;on|phone&#8220; custom_padding_tablet=&#8220;69px||69px||true|false&#8220; custom_padding_phone=&#8220;49px||49px||true|false&#8220; height_last_edited=&#8220;on|phone&#8220; height_tablet=&#8220;616px&#8220; height_phone=&#8220;434px&#8220;][et_pb_fullwidth_header _builder_version=&#8220;4.20.0&#8243; _module_preset=&#8220;default&#8220; title=&#8220;Schreinerei Strell&#8220; hover_enabled=&#8220;0&#8243; sticky_enabled=&#8220;0&#8243; max_width=&#8220;100%&#8220; width=&#8220;42%&#8220; module_alignment=&#8220;left&#8220; title_text_color=&#8220;#4f4f4f&#8220; title_font_size=&#8220;55px&#8220; title_font=&#8220;Verdana|700|||||||&#8220; use_background_color_gradient=&#8220;on&#8220; background_color_gradient_stops=&#8220;#ffffff 0%|#ffffff 94%|rgba(255,255,255,0) 94%&#8220; background_color_gradient_direction=&#8220;100deg&#8220; background_enable_color=&#8220;off&#8220; subhead=&#8220;Ihre Schreinerei f\u00fcr K\u00fcchen, Treppen, M\u00f6bel und vieles mehr&#8220; subhead_text_color=&#8220;#828282&#8243; subhead_font_size=&#8220;20px&#8220; custom_margin=&#8220;auto||auto||false|false&#8220; width_last_edited=&#8220;on|phone&#8220; width_tablet=&#8220;97%&#8220; width_phone=&#8220;97%&#8220; title_font_size_last_edited=&#8220;on|phone&#8220; title_font_size_tablet=&#8220;47px&#8220; title_font_size_phone=&#8220;24px&#8220; subhead_font_size_last_edited=&#8220;on|phone&#8220; subhead_font_size_tablet=&#8220;18px&#8220; subhead_font_size_phone=&#8220;16px&#8220; custom_padding_last_edited=&#8220;on|tablet&#8220; custom_padding_tablet=&#8220;33px||33px|0px|true|false&#8220; custom_padding_phone=&#8220;0px||0px||true|false&#8220;][\/et_pb_fullwidth_header][\/et_pb_section][et_pb_section fb_built=&#8220;1&#8243; module_id=&#8220;one&#8220; _builder_version=&#8220;4.16&#8243; background_color=&#8220;#ffffff&#8220; max_width=&#8220;96%&#8220; max_width_tablet=&#8220;90%&#8220; max_width_phone=&#8220;90%&#8220; max_width_last_edited=&#8220;on|desktop&#8220; module_alignment=&#8220;center&#8220; custom_padding=&#8220;54px|0|54px|0px|false|false&#8220; box_shadow_style=&#8220;preset1&#8243; box_shadow_vertical=&#8220;10px&#8220; global_colors_info=&#8220;{}&#8220;][et_pb_row column_structure=&#8220;1_4,1_4,1_4,1_4&#8243; make_equal=&#8220;on&#8220; module_class=&#8220; et_pb_row_fullwidth&#8220; _builder_version=&#8220;4.16&#8243; width=&#8220;89%&#8220; width_tablet=&#8220;80%&#8220; width_phone=&#8220;&#8220; width_last_edited=&#8220;on|desktop&#8220; max_width=&#8220;89%&#8220; max_width_tablet=&#8220;80%&#8220; max_width_phone=&#8220;&#8220; max_width_last_edited=&#8220;on|desktop&#8220; custom_padding=&#8220;0|0px|30px|0px|false|false&#8220; make_fullwidth=&#8220;on&#8220; global_colors_info=&#8220;{}&#8220;][et_pb_column type=&#8220;1_4&#8243; _builder_version=&#8220;4.16&#8243; background_color=&#8220;#f4f4f4&#8243; custom_padding=&#8220;||2%|&#8220; custom_css_main_element=&#8220;-webkit-box-shadow: 0 19px 38px rgba(0,0,0,0.15), 0 15px 12px rgba(0,0,0,0.10);||-moz-box-shadow: 0 19px 38px rgba(0,0,0,0.15), 0 15px 12px rgba(0,0,0,0.10);||box-shadow: 0 19px 38px rgba(0,0,0,0.15), 0 15px 12px rgba(0,0,0,0.10);||border-radius: 6px;||&#8220; global_colors_info=&#8220;{}&#8220; custom_padding__hover=&#8220;|||&#8220;][et_pb_image src=&#8220;https:\/\/schreinerei-strell.de\/wp-content\/uploads\/2019\/03\/20190209_110949_resized451_.jpg&#8220; url=&#8220;https:\/\/schreinerei-strell.de\/?page_id=1612&#8243; align_tablet=&#8220;center&#8220; align_phone=&#8220;&#8220; align_last_edited=&#8220;on|desktop&#8220; module_class=&#8220;hvr-ripple-out&#8220; _builder_version=&#8220;4.16&#8243; global_colors_info=&#8220;{}&#8220;][\/et_pb_image][et_pb_blurb title=&#8220;k\u00fcchen&#8220; url=&#8220;https:\/\/schreinerei-strell.de\/?page_id=1612&#8243; use_icon=&#8220;on&#8220; font_icon=&#8220;&#x42;||divi||400&#8243; icon_color=&#8220;#FFFFFF&#8220; image_icon_background_color=&#8220;#7f7f7f&#8220; image_icon_width=&#8220;20px&#8220; image_icon_width_tablet=&#8220;20px&#8220; image_icon_width_phone=&#8220;20px&#8220; image_icon_width_last_edited=&#8220;on|tablet&#8220; module_id=&#8220;center&#8220; module_class=&#8220;hvr-shrinkle&#8220; _builder_version=&#8220;4.16&#8243; header_font=&#8220;Lato|600||on|||||&#8220; header_font_size=&#8220;23px&#8220; header_letter_spacing=&#8220;3px&#8220; image_icon_custom_padding=&#8220;25px|25px|25px|25px|false|false&#8220; text_orientation=&#8220;center&#8220; custom_margin=&#8220;-19%|5%|-7%|5%&#8220; custom_margin_tablet=&#8220;-11%|5%|5%|5%&#8220; custom_margin_phone=&#8220;-19%||&#8220; custom_margin_last_edited=&#8220;on|desktop&#8220; link_option_url=&#8220;https:\/\/schreinerei-strell.de\/?page_id=1612&#8243; custom_css_blurb_title=&#8220;margin-bottom;: 3px;&#8220; border_radii_image=&#8220;on|100%|100%|100%|100%&#8220; icon_font_size=&#8220;20px&#8220; icon_font_size_tablet=&#8220;20px&#8220; icon_font_size_phone=&#8220;20px&#8220; icon_font_size_last_edited=&#8220;on|tablet&#8220; use_circle=&#8220;on&#8220; circle_color=&#8220;#7f7f7f&#8220; global_colors_info=&#8220;{}&#8220; image_icon_background_color__sticky_enabled=&#8220;rgba(127,127,127,0.53)&#8220; image_icon_background_color__sticky=&#8220;rgba(127,127,127,0.53)&#8220;][\/et_pb_blurb][\/et_pb_column][et_pb_column type=&#8220;1_4&#8243; _builder_version=&#8220;4.16&#8243; background_color=&#8220;#f4f4f4&#8243; custom_padding=&#8220;||2%|&#8220; custom_css_main_element=&#8220;-webkit-box-shadow: 0 19px 38px rgba(0,0,0,0.15), 0 15px 12px rgba(0,0,0,0.10);||-moz-box-shadow: 0 19px 38px rgba(0,0,0,0.15), 0 15px 12px rgba(0,0,0,0.10);||box-shadow: 0 19px 38px rgba(0,0,0,0.15), 0 15px 12px rgba(0,0,0,0.10);||border-radius: 6px;||&#8220; global_colors_info=&#8220;{}&#8220; custom_padding__hover=&#8220;|||&#8220;][et_pb_image src=&#8220;https:\/\/schreinerei-strell.de\/wp-content\/uploads\/2019\/01\/20150219_080112.jpg&#8220; url=&#8220;https:\/\/schreinerei-strell.de\/?page_id=1735&#8243; align_tablet=&#8220;center&#8220; align_phone=&#8220;&#8220; align_last_edited=&#8220;on|desktop&#8220; module_class=&#8220;hvr-ripple-out&#8220; _builder_version=&#8220;4.16&#8243; global_colors_info=&#8220;{}&#8220;][\/et_pb_image][et_pb_blurb title=&#8220;treppen&#8220; url=&#8220;https:\/\/schreinerei-strell.de\/?page_id=1735&#8243; use_icon=&#8220;on&#8220; font_icon=&#8220;&#x42;||divi||400&#8243; icon_color=&#8220;#FFFFFF&#8220; image_icon_background_color=&#8220;#7f7f7f&#8220; image_icon_width=&#8220;20px&#8220; image_icon_width_tablet=&#8220;40px&#8220; image_icon_width_phone=&#8220;20px&#8220; image_icon_width_last_edited=&#8220;on|phone&#8220; module_id=&#8220;center&#8220; module_class=&#8220;hvr-shrinkle&#8220; _builder_version=&#8220;4.16&#8243; header_font=&#8220;Lato|600||on|||||&#8220; header_font_size=&#8220;23px&#8220; header_letter_spacing=&#8220;3px&#8220; image_icon_custom_padding=&#8220;25px|25px|25px|25px|false|false&#8220; text_orientation=&#8220;center&#8220; custom_margin=&#8220;-19%|5%|-7%|5%&#8220; custom_margin_tablet=&#8220;-11%|5%|5%|5%&#8220; custom_margin_phone=&#8220;-19%||&#8220; custom_margin_last_edited=&#8220;on|desktop&#8220; link_option_url=&#8220;https:\/\/schreinerei-strell.de\/?page_id=1735&#8243; custom_css_blurb_title=&#8220;margin-bottom;: 3px;&#8220; border_radii_image=&#8220;on|100%|100%|100%|100%&#8220; icon_font_size=&#8220;20px&#8220; icon_font_size_tablet=&#8220;40px&#8220; icon_font_size_phone=&#8220;20px&#8220; icon_font_size_last_edited=&#8220;on|phone&#8220; use_circle=&#8220;on&#8220; circle_color=&#8220;#7f7f7f&#8220; global_colors_info=&#8220;{}&#8220; image_icon_background_color__sticky_enabled=&#8220;rgba(127,127,127,0.53)&#8220; image_icon_background_color__sticky=&#8220;rgba(127,127,127,0.53)&#8220;][\/et_pb_blurb][\/et_pb_column][et_pb_column type=&#8220;1_4&#8243; _builder_version=&#8220;4.16&#8243; background_color=&#8220;#f4f4f4&#8243; custom_padding=&#8220;||2%|&#8220; custom_css_main_element=&#8220;-webkit-box-shadow: 0 19px 38px rgba(0,0,0,0.15), 0 15px 12px rgba(0,0,0,0.10);||-moz-box-shadow: 0 19px 38px rgba(0,0,0,0.15), 0 15px 12px rgba(0,0,0,0.10);||box-shadow: 0 19px 38px rgba(0,0,0,0.15), 0 15px 12px rgba(0,0,0,0.10);||border-radius: 6px;||&#8220; global_colors_info=&#8220;{}&#8220; custom_padding__hover=&#8220;|||&#8220;][et_pb_image src=&#8220;https:\/\/schreinerei-strell.de\/wp-content\/uploads\/2019\/01\/Strellwerkschau-1068.jpg&#8220; url=&#8220;https:\/\/schreinerei-strell.de\/?page_id=1744&#8243; align_tablet=&#8220;center&#8220; align_phone=&#8220;&#8220; align_last_edited=&#8220;on|desktop&#8220; module_class=&#8220;hvr-ripple-out&#8220; _builder_version=&#8220;4.16&#8243; global_colors_info=&#8220;{}&#8220;][\/et_pb_image][et_pb_blurb title=&#8220;b\u00e4der&#8220; url=&#8220;https:\/\/schreinerei-strell.de\/?page_id=1744&#8243; use_icon=&#8220;on&#8220; font_icon=&#8220;&#x42;||divi||400&#8243; icon_color=&#8220;#FFFFFF&#8220; image_icon_background_color=&#8220;#7f7f7f&#8220; image_icon_width=&#8220;20px&#8220; image_icon_width_tablet=&#8220;40px&#8220; image_icon_width_phone=&#8220;20px&#8220; image_icon_width_last_edited=&#8220;on|phone&#8220; module_id=&#8220;center&#8220; module_class=&#8220;hvr-shrinkle&#8220; _builder_version=&#8220;4.16&#8243; header_font=&#8220;Lato|600||on|||||&#8220; header_font_size=&#8220;23px&#8220; header_letter_spacing=&#8220;3px&#8220; image_icon_custom_padding=&#8220;25px|25px|25px|25px|false|false&#8220; text_orientation=&#8220;center&#8220; custom_margin=&#8220;-19%|5%|-7%|5%&#8220; custom_margin_tablet=&#8220;-11%||&#8220; custom_margin_phone=&#8220;-19%||7%&#8220; custom_margin_last_edited=&#8220;on|desktop&#8220; link_option_url=&#8220;https:\/\/schreinerei-strell.de\/?page_id=1744&#8243; custom_css_blurb_title=&#8220;margin-bottom;: 3px;&#8220; border_radii_image=&#8220;on|100%|100%|100%|100%&#8220; icon_font_size=&#8220;20px&#8220; icon_font_size_tablet=&#8220;40px&#8220; icon_font_size_phone=&#8220;20px&#8220; icon_font_size_last_edited=&#8220;on|phone&#8220; use_circle=&#8220;on&#8220; circle_color=&#8220;#7f7f7f&#8220; global_colors_info=&#8220;{}&#8220; image_icon_background_color__sticky_enabled=&#8220;rgba(127,127,127,0.53)&#8220; image_icon_background_color__sticky=&#8220;rgba(127,127,127,0.53)&#8220;][\/et_pb_blurb][\/et_pb_column][et_pb_column type=&#8220;1_4&#8243; _builder_version=&#8220;4.16&#8243; background_color=&#8220;#f4f4f4&#8243; custom_padding=&#8220;||5%|&#8220; custom_css_main_element=&#8220;-webkit-box-shadow: 0 19px 38px rgba(0,0,0,0.15), 0 15px 12px rgba(0,0,0,0.10);||-moz-box-shadow: 0 19px 38px rgba(0,0,0,0.15), 0 15px 12px rgba(0,0,0,0.10);||box-shadow: 0 19px 38px rgba(0,0,0,0.15), 0 15px 12px rgba(0,0,0,0.10);||border-radius: 6px;||&#8220; global_colors_info=&#8220;{}&#8220; custom_padding__hover=&#8220;|||&#8220;][et_pb_image src=&#8220;https:\/\/schreinerei-strell.de\/wp-content\/uploads\/2019\/01\/18.06.08-116.jpg&#8220; url=&#8220;https:\/\/schreinerei-strell.de\/?page_id=1745&#8243; align_tablet=&#8220;center&#8220; align_phone=&#8220;&#8220; align_last_edited=&#8220;on|desktop&#8220; module_class=&#8220;hvr-ripple-out&#8220; _builder_version=&#8220;4.16&#8243; global_colors_info=&#8220;{}&#8220;][\/et_pb_image][et_pb_blurb title=&#8220;m\u00f6bel&#8220; url=&#8220;https:\/\/schreinerei-strell.de\/?page_id=1745&#8243; use_icon=&#8220;on&#8220; font_icon=&#8220;&#x42;||divi||400&#8243; icon_color=&#8220;#FFFFFF&#8220; image_icon_background_color=&#8220;#7f7f7f&#8220; image_icon_width=&#8220;20px&#8220; image_icon_width_tablet=&#8220;40px&#8220; image_icon_width_phone=&#8220;20px&#8220; image_icon_width_last_edited=&#8220;on|phone&#8220; module_id=&#8220;center&#8220; module_class=&#8220;hvr-shrinkle&#8220; _builder_version=&#8220;4.16&#8243; header_font=&#8220;Lato|600||on|||||&#8220; header_font_size=&#8220;23px&#8220; header_letter_spacing=&#8220;3px&#8220; image_icon_custom_padding=&#8220;25px|25px|25px|25px|false|false&#8220; text_orientation=&#8220;center&#8220; custom_margin=&#8220;-19%|5%|-7%|5%&#8220; custom_margin_tablet=&#8220;-11%||&#8220; custom_margin_phone=&#8220;-19%||3%&#8220; custom_margin_last_edited=&#8220;on|desktop&#8220; link_option_url=&#8220;https:\/\/schreinerei-strell.de\/?page_id=1745&#8243; custom_css_blurb_title=&#8220;margin-bottom;: 3px;&#8220; border_radii_image=&#8220;on|100%|100%|100%|100%&#8220; icon_font_size=&#8220;20px&#8220; icon_font_size_tablet=&#8220;40px&#8220; icon_font_size_phone=&#8220;20px&#8220; icon_font_size_last_edited=&#8220;on|phone&#8220; use_circle=&#8220;on&#8220; circle_color=&#8220;#7f7f7f&#8220; global_colors_info=&#8220;{}&#8220; image_icon_background_color__sticky_enabled=&#8220;rgba(127,127,127,0.53)&#8220; image_icon_background_color__sticky=&#8220;rgba(127,127,127,0.53)&#8220;][\/et_pb_blurb][\/et_pb_column][\/et_pb_row][et_pb_row column_structure=&#8220;1_4,1_4,1_4,1_4&#8243; make_equal=&#8220;on&#8220; module_class=&#8220; et_pb_row_fullwidth&#8220; _builder_version=&#8220;4.16&#8243; width=&#8220;89%&#8220; width_tablet=&#8220;80%&#8220; width_phone=&#8220;&#8220; width_last_edited=&#8220;on|desktop&#8220; max_width=&#8220;89%&#8220; max_width_tablet=&#8220;80%&#8220; max_width_phone=&#8220;&#8220; max_width_last_edited=&#8220;on|desktop&#8220; custom_padding=&#8220;0|0px|30px|0px|false|false&#8220; make_fullwidth=&#8220;on&#8220; global_colors_info=&#8220;{}&#8220;][et_pb_column type=&#8220;1_4&#8243; _builder_version=&#8220;4.16&#8243; background_color=&#8220;#f4f4f4&#8243; custom_padding=&#8220;||2%|&#8220; custom_css_main_element=&#8220;-webkit-box-shadow: 0 19px 38px rgba(0,0,0,0.15), 0 15px 12px rgba(0,0,0,0.10);||-moz-box-shadow: 0 19px 38px rgba(0,0,0,0.15), 0 15px 12px rgba(0,0,0,0.10);||box-shadow: 0 19px 38px rgba(0,0,0,0.15), 0 15px 12px rgba(0,0,0,0.10);||border-radius: 6px;||&#8220; global_colors_info=&#8220;{}&#8220; custom_padding__hover=&#8220;|||&#8220;][et_pb_image src=&#8220;https:\/\/schreinerei-strell.de\/wp-content\/uploads\/2019\/02\/IMG-20170917-WA0009-2.jpg&#8220; url=&#8220;https:\/\/schreinerei-strell.de\/?page_id=1746&#8243; align_tablet=&#8220;center&#8220; align_phone=&#8220;&#8220; align_last_edited=&#8220;on|desktop&#8220; module_class=&#8220;hvr-ripple-out&#8220; _builder_version=&#8220;4.16&#8243; global_colors_info=&#8220;{}&#8220;][\/et_pb_image][et_pb_blurb title=&#8220;Zimmert\u00fcren&#8220; url=&#8220;https:\/\/schreinerei-strell.de\/?page_id=1746&#8243; use_icon=&#8220;on&#8220; font_icon=&#8220;&#x42;||divi||400&#8243; icon_color=&#8220;#FFFFFF&#8220; image_icon_background_color=&#8220;#7f7f7f&#8220; image_icon_width=&#8220;20px&#8220; image_icon_width_tablet=&#8220;40px&#8220; image_icon_width_phone=&#8220;20px&#8220; image_icon_width_last_edited=&#8220;on|phone&#8220; module_id=&#8220;center&#8220; module_class=&#8220;hvr-shrinkle&#8220; _builder_version=&#8220;4.16&#8243; header_font=&#8220;Lato|600||on|||||&#8220; header_font_size=&#8220;23px&#8220; header_letter_spacing=&#8220;3px&#8220; image_icon_custom_padding=&#8220;25px|25px|25px|25px|false|false&#8220; text_orientation=&#8220;center&#8220; custom_margin=&#8220;-19%|5%|-7%|5%&#8220; custom_margin_tablet=&#8220;-11%|5%|5%|5%&#8220; custom_margin_phone=&#8220;-19%||&#8220; custom_margin_last_edited=&#8220;on|tablet&#8220; link_option_url=&#8220;https:\/\/schreinerei-strell.de\/?page_id=1746&#8243; custom_css_blurb_title=&#8220;margin-bottom;: 3px;&#8220; border_radii_image=&#8220;on|100%|100%|100%|100%&#8220; icon_font_size=&#8220;20px&#8220; icon_font_size_tablet=&#8220;40px&#8220; icon_font_size_phone=&#8220;20px&#8220; icon_font_size_last_edited=&#8220;on|phone&#8220; use_circle=&#8220;on&#8220; circle_color=&#8220;#7f7f7f&#8220; global_colors_info=&#8220;{}&#8220; image_icon_background_color__sticky_enabled=&#8220;rgba(127,127,127,0.53)&#8220; image_icon_background_color__sticky=&#8220;rgba(127,127,127,0.53)&#8220;][\/et_pb_blurb][\/et_pb_column][et_pb_column type=&#8220;1_4&#8243; _builder_version=&#8220;4.16&#8243; background_color=&#8220;#f4f4f4&#8243; custom_padding=&#8220;||2%|&#8220; custom_css_main_element=&#8220;-webkit-box-shadow: 0 19px 38px rgba(0,0,0,0.15), 0 15px 12px rgba(0,0,0,0.10);||-moz-box-shadow: 0 19px 38px rgba(0,0,0,0.15), 0 15px 12px rgba(0,0,0,0.10);||box-shadow: 0 19px 38px rgba(0,0,0,0.15), 0 15px 12px rgba(0,0,0,0.10);||border-radius: 6px;||&#8220; global_colors_info=&#8220;{}&#8220; custom_padding__hover=&#8220;|||&#8220;][et_pb_image src=&#8220;https:\/\/schreinerei-strell.de\/wp-content\/uploads\/2019\/01\/20171213_141258.jpg&#8220; url=&#8220;https:\/\/schreinerei-strell.de\/?page_id=1747&#8243; align_tablet=&#8220;center&#8220; align_phone=&#8220;&#8220; align_last_edited=&#8220;on|desktop&#8220; module_class=&#8220;hvr-ripple-out&#8220; _builder_version=&#8220;4.16&#8243; global_colors_info=&#8220;{}&#8220;][\/et_pb_image][et_pb_blurb title=&#8220;Haust\u00fcren&#8220; url=&#8220;https:\/\/schreinerei-strell.de\/?page_id=1747&#8243; use_icon=&#8220;on&#8220; font_icon=&#8220;&#x42;||divi||400&#8243; icon_color=&#8220;#FFFFFF&#8220; image_icon_background_color=&#8220;#7f7f7f&#8220; image_icon_width=&#8220;20px&#8220; image_icon_width_tablet=&#8220;40px&#8220; image_icon_width_phone=&#8220;20px&#8220; image_icon_width_last_edited=&#8220;on|phone&#8220; module_id=&#8220;center&#8220; module_class=&#8220;hvr-shrinkle&#8220; _builder_version=&#8220;4.16&#8243; header_font=&#8220;Lato|600||on|||||&#8220; header_font_size=&#8220;23px&#8220; header_letter_spacing=&#8220;3px&#8220; image_icon_custom_padding=&#8220;25px|25px|25px|25px|false|false&#8220; text_orientation=&#8220;center&#8220; custom_margin=&#8220;-19%|5%|-7%|5%&#8220; custom_margin_tablet=&#8220;-11%|5%|5%|5%&#8220; custom_margin_phone=&#8220;-19%||&#8220; custom_margin_last_edited=&#8220;on|tablet&#8220; link_option_url=&#8220;https:\/\/schreinerei-strell.de\/?page_id=1747&#8243; custom_css_blurb_title=&#8220;margin-bottom;: 3px;&#8220; border_radii_image=&#8220;on|100%|100%|100%|100%&#8220; icon_font_size=&#8220;20px&#8220; icon_font_size_tablet=&#8220;40px&#8220; icon_font_size_phone=&#8220;20px&#8220; icon_font_size_last_edited=&#8220;on|phone&#8220; use_circle=&#8220;on&#8220; circle_color=&#8220;#7f7f7f&#8220; global_colors_info=&#8220;{}&#8220; image_icon_background_color__sticky_enabled=&#8220;rgba(127,127,127,0.53)&#8220; image_icon_background_color__sticky=&#8220;rgba(127,127,127,0.53)&#8220;][\/et_pb_blurb][\/et_pb_column][et_pb_column type=&#8220;1_4&#8243; _builder_version=&#8220;4.16&#8243; background_color=&#8220;#f4f4f4&#8243; custom_padding=&#8220;||2%|&#8220; custom_css_main_element=&#8220;-webkit-box-shadow: 0 19px 38px rgba(0,0,0,0.15), 0 15px 12px rgba(0,0,0,0.10);||-moz-box-shadow: 0 19px 38px rgba(0,0,0,0.15), 0 15px 12px rgba(0,0,0,0.10);||box-shadow: 0 19px 38px rgba(0,0,0,0.15), 0 15px 12px rgba(0,0,0,0.10);||border-radius: 6px;||&#8220; global_colors_info=&#8220;{}&#8220; custom_padding__hover=&#8220;|||&#8220;][et_pb_image src=&#8220;https:\/\/schreinerei-strell.de\/wp-content\/uploads\/2019\/01\/DSCN0342.jpg&#8220; url=&#8220;https:\/\/schreinerei-strell.de\/?page_id=1748&#8243; align_tablet=&#8220;center&#8220; align_phone=&#8220;&#8220; align_last_edited=&#8220;on|desktop&#8220; module_class=&#8220;hvr-ripple-out&#8220; _builder_version=&#8220;4.16&#8243; global_colors_info=&#8220;{}&#8220;][\/et_pb_image][et_pb_blurb title=&#8220;Tisch &#038; eckb\u00e4nke&#8220; url=&#8220;https:\/\/schreinerei-strell.de\/?page_id=1748&#8243; use_icon=&#8220;on&#8220; font_icon=&#8220;&#x42;||divi||400&#8243; icon_color=&#8220;#FFFFFF&#8220; image_icon_background_color=&#8220;#7f7f7f&#8220; image_icon_width=&#8220;20px&#8220; image_icon_width_tablet=&#8220;40px&#8220; image_icon_width_phone=&#8220;20px&#8220; image_icon_width_last_edited=&#8220;on|phone&#8220; module_id=&#8220;center&#8220; module_class=&#8220;hvr-shrinkle&#8220; _builder_version=&#8220;4.16&#8243; header_font=&#8220;Lato|600||on|||||&#8220; header_font_size=&#8220;23px&#8220; header_letter_spacing=&#8220;3px&#8220; image_icon_custom_padding=&#8220;25px|25px|25px|25px|false|false&#8220; text_orientation=&#8220;center&#8220; custom_margin=&#8220;-19%|5%|-7%|5%&#8220; custom_margin_tablet=&#8220;-11%||&#8220; custom_margin_phone=&#8220;-19%||7%&#8220; custom_margin_last_edited=&#8220;on|desktop&#8220; link_option_url=&#8220;https:\/\/schreinerei-strell.de\/?page_id=1748&#8243; custom_css_blurb_title=&#8220;margin-bottom;: 3px;&#8220; border_radii_image=&#8220;on|100%|100%|100%|100%&#8220; icon_font_size=&#8220;20px&#8220; icon_font_size_tablet=&#8220;40px&#8220; icon_font_size_phone=&#8220;20px&#8220; icon_font_size_last_edited=&#8220;on|phone&#8220; use_circle=&#8220;on&#8220; circle_color=&#8220;#7f7f7f&#8220; global_colors_info=&#8220;{}&#8220; image_icon_background_color__sticky_enabled=&#8220;rgba(127,127,127,0.53)&#8220; image_icon_background_color__sticky=&#8220;rgba(127,127,127,0.53)&#8220;][\/et_pb_blurb][\/et_pb_column][et_pb_column type=&#8220;1_4&#8243; _builder_version=&#8220;4.16&#8243; background_color=&#8220;#f4f4f4&#8243; custom_padding=&#8220;||5%|&#8220; custom_css_main_element=&#8220;-webkit-box-shadow: 0 19px 38px rgba(0,0,0,0.15), 0 15px 12px rgba(0,0,0,0.10);||-moz-box-shadow: 0 19px 38px rgba(0,0,0,0.15), 0 15px 12px rgba(0,0,0,0.10);||box-shadow: 0 19px 38px rgba(0,0,0,0.15), 0 15px 12px rgba(0,0,0,0.10);||border-radius: 6px;||&#8220; global_colors_info=&#8220;{}&#8220; custom_padding__hover=&#8220;|||&#8220;][et_pb_image src=&#8220;https:\/\/schreinerei-strell.de\/wp-content\/uploads\/2019\/03\/20180726_114518_.jpg&#8220; url=&#8220;https:\/\/schreinerei-strell.de\/?page_id=1749&#8243; align_tablet=&#8220;center&#8220; align_phone=&#8220;&#8220; align_last_edited=&#8220;on|desktop&#8220; module_class=&#8220;hvr-ripple-out&#8220; _builder_version=&#8220;4.16&#8243; global_colors_info=&#8220;{}&#8220;][\/et_pb_image][et_pb_blurb title=&#8220;schlafzimmer &#038; schr\u00e4nke&#8220; url=&#8220;https:\/\/schreinerei-strell.de\/?page_id=1749&#8243; use_icon=&#8220;on&#8220; font_icon=&#8220;&#x42;||divi||400&#8243; icon_color=&#8220;#FFFFFF&#8220; image_icon_background_color=&#8220;#7f7f7f&#8220; image_icon_width=&#8220;20px&#8220; image_icon_width_tablet=&#8220;40px&#8220; image_icon_width_phone=&#8220;20px&#8220; image_icon_width_last_edited=&#8220;on|phone&#8220; module_id=&#8220;center&#8220; module_class=&#8220;hvr-shrinkle&#8220; _builder_version=&#8220;4.16&#8243; header_font=&#8220;Lato|600||on|||||&#8220; header_font_size=&#8220;23px&#8220; header_letter_spacing=&#8220;3px&#8220; image_icon_custom_padding=&#8220;25px|25px|25px|25px|false|false&#8220; text_orientation=&#8220;center&#8220; custom_margin=&#8220;-19%|5%|-7%|5%&#8220; custom_margin_tablet=&#8220;-11%||&#8220; custom_margin_phone=&#8220;-19%||3%&#8220; custom_margin_last_edited=&#8220;on|desktop&#8220; link_option_url=&#8220;https:\/\/schreinerei-strell.de\/?page_id=1749&#8243; custom_css_blurb_title=&#8220;margin-bottom;: 3px;&#8220; border_radii_image=&#8220;on|100%|100%|100%|100%&#8220; icon_font_size=&#8220;20px&#8220; icon_font_size_tablet=&#8220;40px&#8220; icon_font_size_phone=&#8220;20px&#8220; icon_font_size_last_edited=&#8220;on|phone&#8220; use_circle=&#8220;on&#8220; circle_color=&#8220;#7f7f7f&#8220; global_colors_info=&#8220;{}&#8220; image_icon_background_color__sticky_enabled=&#8220;rgba(127,127,127,0.53)&#8220; image_icon_background_color__sticky=&#8220;rgba(127,127,127,0.53)&#8220;][\/et_pb_blurb][\/et_pb_column][\/et_pb_row][\/et_pb_section][et_pb_section fb_built=&#8220;1&#8243; fullwidth=&#8220;on&#8220; _builder_version=&#8220;4.16&#8243; global_colors_info=&#8220;{}&#8220;][et_pb_fullwidth_code _builder_version=&#8220;4.16&#8243; global_colors_info=&#8220;{}&#8220;]<script type=\"text\/javascript\">\r\ndocument.addEventListener(\"DOMContentLoaded\", function(event) { \r\n\tjQuery( '#slider-pro-3-2445' ).sliderPro({\r\n\t\t\/\/width\r\n\t\t\t\twidth: \"100%\",\r\n\t\t\t\t\r\n\t\t\/\/height\r\n\t\t\t\theight: 500,\r\n\t\t\t\t\r\n\t\t\/\/auto play\r\n\t\t\t\tautoplay:  true,\r\n\t\tautoplayOnHover: 'none',\r\n\t\t\t\t\t\t\t\tautoplayDelay: 4000,\r\n\t\t\r\n\t\t\r\n\t\tarrows: true,\r\n\t\tbuttons: true,\r\n\t\tsmallSize: 500,\r\n\t\tmediumSize: 1000,\r\n\t\tlargeSize: 3000,\r\n\t\tfade: false,\r\n\t\t\r\n\t\t\/\/thumbnail\r\n\t\tthumbnailArrows: true,\r\n\t\tthumbnailWidth: 120,\r\n\t\tthumbnailHeight: 120,\r\n\t\t\t\t\t\tthumbnailsPosition: 'bottom',\r\n\t\t\t\t\t\tcenterImage: true,\r\n\t\timageScaleMode: 'cover',\r\n\t\tallowScaleUp: true,\r\n\t\t\t\tstartSlide: 0,\r\n\t\tloop: true,\r\n\t\tslideDistance: 5,\r\n\t\tautoplayDirection: 'normal',\r\n\t\ttouchSwipe: true,\r\n\t\tfullScreen: true,\r\n\t});\r\n});\r\n<\/script>\r\n<style>\r\n\/* Layout 3 *\/\r\n\/* border *\/\r\n#slider-pro-3-2445 .sp-selected-thumbnail {\r\n\tborder: 4px solid #000000;\r\n}\r\n\r\n\/* font + color *\/\r\n.title-in  {\r\n\tfont-family: Arial !important;\r\n\tcolor: #00000 !important;\r\n\tbackground-color: #FFFFFF !important;\r\n\topacity: 0.7 !important;\r\n}\r\n.desc-in  {\r\n\tfont-family: Arial !important;\r\n\tcolor: #FFFFFF !important;\r\n\tbackground-color: #00000 !important;\r\n\topacity: 0.7 !important;\r\n}\r\n\r\n\/* bullets color *\/\r\n.sp-button  {\r\n\tborder: 2px solid #000000 !important;\r\n}\r\n.sp-selected-button  {\r\n\tbackground-color: #000000 !important;\r\n}\r\n\r\n\/* pointer color - bottom *\/\r\n.sp-selected-thumbnail::before {\r\n\tborder-bottom: 5px solid #000000 !important;\r\n}\r\n.sp-selected-thumbnail::after {\r\n\tborder-bottom: 13px solid #000000 !important;\r\n}\r\n\r\n\/* pointer color - top *\/\r\n\r\n\/* full screen icon *\/\r\n.sp-full-screen-button::before {\r\n    color: #FFFFFF !important;\r\n}\r\n\r\n\/* hover navigation icon color *\/\r\n.sp-next-arrow::after, .sp-next-arrow::before {\r\n\tbackground-color: #FFFFFF !important;\r\n}\r\n.sp-previous-arrow::after, .sp-previous-arrow::before {\r\n\tbackground-color: #FFFFFF !important;\r\n}\r\n\r\n#slider-pro-3-2445 .title-in {\r\n\tcolor: #00000 !important;\r\n\tfont-weight: bolder;\r\n\ttext-align: center;\r\n}\r\n\r\n#slider-pro-3-2445 .title-in-bg {\r\n\tbackground: rgba(255, 255, 255, 0.7); !important;\r\n\twhite-space: unset !important;\r\n\tmax-width: 90%;\r\n\tmin-width: 40%;\r\n\ttransform: initial !important;\r\n\t-webkit-transform: initial !important;\r\n\tfont-size: 14px !important;\r\n}\r\n\r\n#slider-pro-3-2445 .desc-in {\r\n\tcolor: #FFFFFF !important;\r\n\ttext-align: center;\r\n}\r\n#slider-pro-3-2445 .desc-in-bg {\r\n\tbackground: rgba(#00000, 0.7) !important;\r\n\twhite-space: unset !important;\r\n\twidth: 80% !important;\r\n\tmin-width: 30%;\r\n\ttransform: initial !important;\r\n\t-webkit-transform: initial !important;\r\n\tfont-size: 13px !important;\r\n}\r\n\r\n@media (max-width: 640px) {\r\n\t#slider-pro-3-2445 .hide-small-screen {\r\n\t\tdisplay: none;\r\n\t}\r\n}\r\n\r\n@media (max-width: 860px) {\r\n\t#slider-pro-3-2445 .sp-layer {\r\n\t\tfont-size: 18px;\r\n\t}\r\n\t\r\n\t#slider-pro-3-2445 .hide-medium-screen {\r\n\t\tdisplay: none;\r\n\t}\r\n}\r\n.slides-not-found {\r\n\tbackground-color: #a92929;\r\n\tborder-radius: 5px;\r\n\tcolor: #fff;\r\n\tfont-family: initial;\r\n\ttext-align: center;\r\n\tpadding:12px;\r\n}\r\n\/* Custom CSS *\/\r\n<\/style>\r\n\t\t<div id=\"slider-pro-3-2445\" class=\"slider-pro\">\r\n\t\t\t<!---- slides div start ---->\r\n\t\t\t<div class=\"sp-slides\">\r\n\t\t\t\t\t\t\t\t\t\t<div class=\"sp-slide\">\r\n\t\t\t\t\t\t\t<img decoding=\"async\" class=\"sp-image\" alt=\"\" src=\"https:\/\/schreinerei-strell.de\/wp-content\/plugins\/ultimate-responsive-image-slider\/assets\/css\/images\/blank.gif\" data-src=\"https:\/\/schreinerei-strell.de\/wp-content\/uploads\/2019\/02\/20170223_123731.jpg\" \/>\r\n\r\n\t\t\t\t\t\t\t\r\n\t\t\t\t\t\t\t\t\t\t\t\t\t<\/div>\r\n\t\t\t\t\t\t\t\t\t\t\t\t<div class=\"sp-slide\">\r\n\t\t\t\t\t\t\t<img decoding=\"async\" class=\"sp-image\" alt=\"\" src=\"https:\/\/schreinerei-strell.de\/wp-content\/plugins\/ultimate-responsive-image-slider\/assets\/css\/images\/blank.gif\" data-src=\"https:\/\/schreinerei-strell.de\/wp-content\/uploads\/2019\/02\/20151013_114116_resized_2.jpg\" \/>\r\n\r\n\t\t\t\t\t\t\t\r\n\t\t\t\t\t\t\t\t\t\t\t\t\t<\/div>\r\n\t\t\t\t\t\t\t\t\t\t\t\t<div class=\"sp-slide\">\r\n\t\t\t\t\t\t\t<img decoding=\"async\" class=\"sp-image\" alt=\"\" src=\"https:\/\/schreinerei-strell.de\/wp-content\/plugins\/ultimate-responsive-image-slider\/assets\/css\/images\/blank.gif\" data-src=\"https:\/\/schreinerei-strell.de\/wp-content\/uploads\/2019\/02\/Strellwerkschau-1068-1.jpg\" \/>\r\n\r\n\t\t\t\t\t\t\t\r\n\t\t\t\t\t\t\t\t\t\t\t\t\t<\/div>\r\n\t\t\t\t\t\t\t\t\t<\/div>\r\n\t\t\t\r\n\t\t\t<!---- slides div end ---->\r\n\t\t\t\t\t\t<!-- slides thumbnails div end -->\r\n\t\t<\/div>\r\n[\/et_pb_fullwidth_code][\/et_pb_section][et_pb_section fb_built=&#8220;1&#8243; admin_label=&#8220;Footer&#8220; _builder_version=&#8220;3.3.1&#8243; custom_padding=&#8220;54px|0px|54px|0px|false|false&#8220; global_module=&#8220;2111&#8243; saved_tabs=&#8220;all&#8220; global_colors_info=&#8220;{}&#8220;][et_pb_row _builder_version=&#8220;4.16&#8243; custom_padding=&#8220;|||&#8220; global_colors_info=&#8220;{}&#8220; column_structure=&#8220;1_3,1_3,1_3&#8243;][et_pb_column type=&#8220;1_3&#8243; _builder_version=&#8220;4.16&#8243; custom_padding=&#8220;|||&#8220; global_colors_info=&#8220;{}&#8220; custom_padding__hover=&#8220;|||&#8220;][et_pb_blurb title=&#8220;Telefon&#8220; use_icon=&#8220;on&#8220; font_icon=&#8220;&#xe090;||divi||400&#8243; icon_color=&#8220;#828282&#8243; image_icon_width=&#8220;32px&#8220; _builder_version=&#8220;4.16&#8243; header_font=&#8220;Josefin Sans|700||on|||||&#8220; header_text_align=&#8220;center&#8220; header_line_height=&#8220;1.7em&#8220; body_font=&#8220;Open Sans||||||||&#8220; body_text_align=&#8220;center&#8220; body_font_size=&#8220;18px&#8220; body_line_height=&#8220;0.7em&#8220; animation_style=&#8220;fold&#8220; animation_direction=&#8220;left&#8220; animation_delay=&#8220;200ms&#8220; animation_intensity_fold=&#8220;20%&#8220; icon_font_size=&#8220;32px&#8220; global_colors_info=&#8220;{}&#8220;]<\/p>\n<p>Tele.: 08075 913344<\/p>\n<p>Mobil: 0175 9504774<\/p>\n<p>[\/et_pb_blurb][\/et_pb_column][et_pb_column type=&#8220;1_3&#8243; _builder_version=&#8220;4.16&#8243; custom_padding=&#8220;|||&#8220; global_colors_info=&#8220;{}&#8220; custom_padding__hover=&#8220;|||&#8220;][et_pb_blurb title=&#8220;Standort&#8220; use_icon=&#8220;on&#8220; font_icon=&#8220;&#xe074;||divi||400&#8243; icon_color=&#8220;#828282&#8243; image_icon_width=&#8220;32px&#8220; _builder_version=&#8220;4.16&#8243; header_font=&#8220;Josefin Sans|700||on|||||&#8220; header_text_align=&#8220;center&#8220; header_line_height=&#8220;1.7em&#8220; body_font=&#8220;Open Sans||||||||&#8220; body_text_align=&#8220;center&#8220; body_font_size=&#8220;18px&#8220; body_line_height=&#8220;0.7em&#8220; icon_font_size=&#8220;32px&#8220; global_colors_info=&#8220;{}&#8220;]<\/p>\n<p>Untersur 6<\/p>\n<p>83123 Amerang<\/p>\n<p>[\/et_pb_blurb][\/et_pb_column][et_pb_column type=&#8220;1_3&#8243; _builder_version=&#8220;4.16&#8243; custom_padding=&#8220;|||&#8220; global_colors_info=&#8220;{}&#8220; custom_padding__hover=&#8220;|||&#8220;][et_pb_blurb title=&#8220;E-Mail&#8220; use_icon=&#8220;on&#8220; font_icon=&#8220;&#xe076;||divi||400&#8243; icon_color=&#8220;#828282&#8243; image_icon_width=&#8220;32px&#8220; _builder_version=&#8220;4.16&#8243; header_font=&#8220;Josefin Sans|700||on|||||&#8220; header_text_align=&#8220;center&#8220; header_line_height=&#8220;1.7em&#8220; body_font=&#8220;Open Sans||||||||&#8220; body_text_align=&#8220;center&#8220; body_font_size=&#8220;18px&#8220; body_line_height=&#8220;0.7em&#8220; animation_style=&#8220;fold&#8220; animation_direction=&#8220;left&#8220; animation_delay=&#8220;200ms&#8220; animation_intensity_fold=&#8220;20%&#8220; icon_font_size=&#8220;32px&#8220; global_colors_info=&#8220;{}&#8220;]<\/p>\n<p>werner.strell@freenet.de<\/p>\n<p>[\/et_pb_blurb][\/et_pb_column][\/et_pb_row][\/et_pb_section]<\/p>\n","protected":false},"excerpt":{"rendered":"<p>[et_pb_section fb_built=&#8220;1&#8243; fullwidth=&#8220;on&#8220; _builder_version=&#8220;4.20.0&#8243; use_background_color_gradient=&#8220;on&#8220; background_color_gradient_stops=&#8220;rgba(142,142,142,0.9) 0%|rgba(252,210,194,0.18) 100%&#8220; background_color_gradient_start=&#8220;rgba(142,142,142,0.9)&#8220; background_color_gradient_end=&#8220;rgba(252,210,194,0.18)&#8220; custom_padding=&#8220;186px|0px|186px|0px|true|false&#8220; top_divider_repeat=&#8220;0.5x&#8220; top_divider_flip=&#8220;horizontal|vertical&#8220; bottom_divider_style=&#8220;mountains2&#8243; bottom_divider_color=&#8220;#FFFFFF&#8220; bottom_divider_repeat=&#8220;0.5x&#8220; bottom_divider_flip=&#8220;vertical|horizontal&#8220; hover_enabled=&#8220;0&#8243; global_colors_info=&#8220;{}&#8220; sticky_enabled=&#8220;0&#8243; title_text=&#8220;Team Schreinerei Strell&#8220; background_image=&#8220;https:\/\/schreinerei-strell.de\/wp-content\/uploads\/2023\/03\/Team-Schreinerei-Strell.jpg&#8220; height=&#8220;688px&#8220; custom_padding_last_edited=&#8220;on|phone&#8220; custom_padding_tablet=&#8220;69px||69px||true|false&#8220; custom_padding_phone=&#8220;49px||49px||true|false&#8220; height_last_edited=&#8220;on|phone&#8220; height_tablet=&#8220;616px&#8220; height_phone=&#8220;434px&#8220;][et_pb_fullwidth_header _builder_version=&#8220;4.20.0&#8243; _module_preset=&#8220;default&#8220; title=&#8220;Schreinerei Strell&#8220; hover_enabled=&#8220;0&#8243; sticky_enabled=&#8220;0&#8243; max_width=&#8220;100%&#8220; width=&#8220;42%&#8220; module_alignment=&#8220;left&#8220; title_text_color=&#8220;#4f4f4f&#8220; title_font_size=&#8220;55px&#8220; title_font=&#8220;Verdana|700|||||||&#8220; use_background_color_gradient=&#8220;on&#8220; background_color_gradient_stops=&#8220;#ffffff 0%|#ffffff 94%|rgba(255,255,255,0) 94%&#8220; background_color_gradient_direction=&#8220;100deg&#8220; background_enable_color=&#8220;off&#8220; subhead=&#8220;Ihre Schreinerei f\u00fcr K\u00fcchen, Treppen, [&hellip;]<\/p>\n","protected":false},"author":1,"featured_media":0,"parent":0,"menu_order":0,"comment_status":"closed","ping_status":"closed","template":"","meta":{"_et_pb_use_builder":"on","_et_pb_old_content":"","_et_gb_content_width":""},"yoast_head":"<!-- This site is optimized with the Yoast SEO plugin v21.1 - https:\/\/yoast.com\/wordpress\/plugins\/seo\/ -->\n<title>Schreinerei Strell Amerang<\/title>\n<meta name=\"description\" content=\"Egal ob K\u00fcchen, B\u00e4der, Treppen oder M\u00f6bel, wir verwirklichen Ihre Vorstellung. Dabei legen wir Wert auf die Langlebigkeit und Qualit\u00e4t unserer Produkte.\" \/>\n<meta name=\"robots\" content=\"index, follow, max-snippet:-1, max-image-preview:large, max-video-preview:-1\" \/>\n<link rel=\"canonical\" href=\"https:\/\/schreinerei-strell.de\/\" \/>\n<meta property=\"og:locale\" content=\"de_DE\" \/>\n<meta property=\"og:type\" content=\"article\" \/>\n<meta property=\"og:title\" content=\"Schreinerei Strell Amerang\" \/>\n<meta property=\"og:description\" content=\"Egal ob K\u00fcchen, B\u00e4der, Treppen oder M\u00f6bel, wir verwirklichen Ihre Vorstellung. Dabei legen wir Wert auf die Langlebigkeit und Qualit\u00e4t unserer Produkte.\" \/>\n<meta property=\"og:url\" content=\"https:\/\/schreinerei-strell.de\/\" \/>\n<meta property=\"og:site_name\" content=\"Schreinerei Strell\" \/>\n<meta property=\"article:modified_time\" content=\"2023-03-29T15:23:13+00:00\" \/>\n<meta name=\"twitter:card\" content=\"summary_large_image\" \/>\n<meta name=\"twitter:label1\" content=\"Gesch\u00e4tzte Lesezeit\" \/>\n\t<meta name=\"twitter:data1\" content=\"14\u00a0Minuten\" \/>\n<script type=\"application\/ld+json\" class=\"yoast-schema-graph\">{\"@context\":\"https:\/\/schema.org\",\"@graph\":[{\"@type\":\"WebPage\",\"@id\":\"https:\/\/schreinerei-strell.de\/\",\"url\":\"https:\/\/schreinerei-strell.de\/\",\"name\":\"Schreinerei Strell Amerang\",\"isPartOf\":{\"@id\":\"https:\/\/schreinerei-strell.de\/#website\"},\"datePublished\":\"2018-12-12T17:04:03+00:00\",\"dateModified\":\"2023-03-29T15:23:13+00:00\",\"description\":\"Egal ob K\u00fcchen, B\u00e4der, Treppen oder M\u00f6bel, wir verwirklichen Ihre Vorstellung. Dabei legen wir Wert auf die Langlebigkeit und Qualit\u00e4t unserer Produkte.\",\"breadcrumb\":{\"@id\":\"https:\/\/schreinerei-strell.de\/#breadcrumb\"},\"inLanguage\":\"de\",\"potentialAction\":[{\"@type\":\"ReadAction\",\"target\":[\"https:\/\/schreinerei-strell.de\/\"]}]},{\"@type\":\"BreadcrumbList\",\"@id\":\"https:\/\/schreinerei-strell.de\/#breadcrumb\",\"itemListElement\":[{\"@type\":\"ListItem\",\"position\":1,\"name\":\"Home\",\"item\":\"https:\/\/schreinerei-strell.de\/\"},{\"@type\":\"ListItem\",\"position\":2,\"name\":\"Home\"}]},{\"@type\":\"WebSite\",\"@id\":\"https:\/\/schreinerei-strell.de\/#website\",\"url\":\"https:\/\/schreinerei-strell.de\/\",\"name\":\"Schreinerei Strell\",\"description\":\"Schreinerei Strell - Amerang\",\"publisher\":{\"@id\":\"https:\/\/schreinerei-strell.de\/#organization\"},\"potentialAction\":[{\"@type\":\"SearchAction\",\"target\":{\"@type\":\"EntryPoint\",\"urlTemplate\":\"https:\/\/schreinerei-strell.de\/?s={search_term_string}\"},\"query-input\":\"required name=search_term_string\"}],\"inLanguage\":\"de\"},{\"@type\":\"Organization\",\"@id\":\"https:\/\/schreinerei-strell.de\/#organization\",\"name\":\"Schreinerei Strell Amerang\",\"url\":\"https:\/\/schreinerei-strell.de\/\",\"logo\":{\"@type\":\"ImageObject\",\"inLanguage\":\"de\",\"@id\":\"https:\/\/schreinerei-strell.de\/#\/schema\/logo\/image\/\",\"url\":\"https:\/\/schreinerei-strell.de\/wp-content\/uploads\/2019\/01\/WhatsApp-Image-2018-12-12-at-3.49.05-PM.png\",\"contentUrl\":\"https:\/\/schreinerei-strell.de\/wp-content\/uploads\/2019\/01\/WhatsApp-Image-2018-12-12-at-3.49.05-PM.png\",\"width\":768,\"height\":768,\"caption\":\"Schreinerei Strell Amerang\"},\"image\":{\"@id\":\"https:\/\/schreinerei-strell.de\/#\/schema\/logo\/image\/\"}}]}<\/script>\n<!-- \/ Yoast SEO plugin. -->","yoast_head_json":{"title":"Schreinerei Strell Amerang","description":"Egal ob K\u00fcchen, B\u00e4der, Treppen oder M\u00f6bel, wir verwirklichen Ihre Vorstellung. Dabei legen wir Wert auf die Langlebigkeit und Qualit\u00e4t unserer Produkte.","robots":{"index":"index","follow":"follow","max-snippet":"max-snippet:-1","max-image-preview":"max-image-preview:large","max-video-preview":"max-video-preview:-1"},"canonical":"https:\/\/schreinerei-strell.de\/","og_locale":"de_DE","og_type":"article","og_title":"Schreinerei Strell Amerang","og_description":"Egal ob K\u00fcchen, B\u00e4der, Treppen oder M\u00f6bel, wir verwirklichen Ihre Vorstellung. Dabei legen wir Wert auf die Langlebigkeit und Qualit\u00e4t unserer Produkte.","og_url":"https:\/\/schreinerei-strell.de\/","og_site_name":"Schreinerei Strell","article_modified_time":"2023-03-29T15:23:13+00:00","twitter_card":"summary_large_image","twitter_misc":{"Gesch\u00e4tzte Lesezeit":"14\u00a0Minuten"},"schema":{"@context":"https:\/\/schema.org","@graph":[{"@type":"WebPage","@id":"https:\/\/schreinerei-strell.de\/","url":"https:\/\/schreinerei-strell.de\/","name":"Schreinerei Strell Amerang","isPartOf":{"@id":"https:\/\/schreinerei-strell.de\/#website"},"datePublished":"2018-12-12T17:04:03+00:00","dateModified":"2023-03-29T15:23:13+00:00","description":"Egal ob K\u00fcchen, B\u00e4der, Treppen oder M\u00f6bel, wir verwirklichen Ihre Vorstellung. Dabei legen wir Wert auf die Langlebigkeit und Qualit\u00e4t unserer Produkte.","breadcrumb":{"@id":"https:\/\/schreinerei-strell.de\/#breadcrumb"},"inLanguage":"de","potentialAction":[{"@type":"ReadAction","target":["https:\/\/schreinerei-strell.de\/"]}]},{"@type":"BreadcrumbList","@id":"https:\/\/schreinerei-strell.de\/#breadcrumb","itemListElement":[{"@type":"ListItem","position":1,"name":"Home","item":"https:\/\/schreinerei-strell.de\/"},{"@type":"ListItem","position":2,"name":"Home"}]},{"@type":"WebSite","@id":"https:\/\/schreinerei-strell.de\/#website","url":"https:\/\/schreinerei-strell.de\/","name":"Schreinerei Strell","description":"Schreinerei Strell - Amerang","publisher":{"@id":"https:\/\/schreinerei-strell.de\/#organization"},"potentialAction":[{"@type":"SearchAction","target":{"@type":"EntryPoint","urlTemplate":"https:\/\/schreinerei-strell.de\/?s={search_term_string}"},"query-input":"required name=search_term_string"}],"inLanguage":"de"},{"@type":"Organization","@id":"https:\/\/schreinerei-strell.de\/#organization","name":"Schreinerei Strell Amerang","url":"https:\/\/schreinerei-strell.de\/","logo":{"@type":"ImageObject","inLanguage":"de","@id":"https:\/\/schreinerei-strell.de\/#\/schema\/logo\/image\/","url":"https:\/\/schreinerei-strell.de\/wp-content\/uploads\/2019\/01\/WhatsApp-Image-2018-12-12-at-3.49.05-PM.png","contentUrl":"https:\/\/schreinerei-strell.de\/wp-content\/uploads\/2019\/01\/WhatsApp-Image-2018-12-12-at-3.49.05-PM.png","width":768,"height":768,"caption":"Schreinerei Strell Amerang"},"image":{"@id":"https:\/\/schreinerei-strell.de\/#\/schema\/logo\/image\/"}}]}},"_links":{"self":[{"href":"https:\/\/schreinerei-strell.de\/index.php?rest_route=\/wp\/v2\/pages\/13"}],"collection":[{"href":"https:\/\/schreinerei-strell.de\/index.php?rest_route=\/wp\/v2\/pages"}],"about":[{"href":"https:\/\/schreinerei-strell.de\/index.php?rest_route=\/wp\/v2\/types\/page"}],"author":[{"embeddable":true,"href":"https:\/\/schreinerei-strell.de\/index.php?rest_route=\/wp\/v2\/users\/1"}],"replies":[{"embeddable":true,"href":"https:\/\/schreinerei-strell.de\/index.php?rest_route=%2Fwp%2Fv2%2Fcomments&post=13"}],"version-history":[{"count":1,"href":"https:\/\/schreinerei-strell.de\/index.php?rest_route=\/wp\/v2\/pages\/13\/revisions"}],"predecessor-version":[{"id":2913,"href":"https:\/\/schreinerei-strell.de\/index.php?rest_route=\/wp\/v2\/pages\/13\/revisions\/2913"}],"wp:attachment":[{"href":"https:\/\/schreinerei-strell.de\/index.php?rest_route=%2Fwp%2Fv2%2Fmedia&parent=13"}],"curies":[{"name":"wp","href":"https:\/\/api.w.org\/{rel}","templated":true}]}}